{"id":5730,"date":"2021-04-26T09:02:02","date_gmt":"2021-04-26T08:02:02","guid":{"rendered":"https:\/\/www.chateau-de-paraza.com\/?page_id=5730"},"modified":"2023-06-20T18:16:37","modified_gmt":"2023-06-20T17:16:37","slug":"pierre-paul-riquet","status":"publish","type":"page","link":"https:\/\/www.chateau-de-paraza.com\/zh-hans\/pierre-paul-riquet\/","title":{"rendered":"Pierre-Paul Riquet"},"content":{"rendered":"<div class=\"wpb-content-wrapper\"><p>[vc_row][vc_column][vc_column_text]<\/p>\n<h1>Pierre-Paul Riquet<\/h1>\n<p>[\/vc_column_text][vc_empty_space height=&#8221;25px&#8221;]<div class=\"hr-thin style-line\" style=\"width: 100%;\"><\/div>[vc_column_text]Pierre-Paul Riquet, baron de Bonrepos, est un fermier g\u00e9n\u00e9ral des Gabelles et entrepreneur fran\u00e7ais. Homme d\u2019affaire et de loi, il est avant tout connu pour sa construction du Canal du Midi.[\/vc_column_text][vc_empty_space height=&#8221;10px&#8221;]<div class=\"hr-thin style-line\" style=\"width: 100%;\"><\/div>[vc_empty_space height=&#8221;10px&#8221;][\/vc_column][\/vc_row][vc_row][vc_column][vc_single_image image=&#8221;5684&#8243; img_size=&#8221;large&#8221; alignment=&#8221;center&#8221;][vc_empty_space][\/vc_column][\/vc_row][vc_row][vc_column][vc_column_text]<\/p>\n<h3>Un homme riche et ambitieux<\/h3>\n<p>[\/vc_column_text][vc_empty_space height=&#8221;10px&#8221;][vc_column_text]Probablement n\u00e9 le <strong>29 juin 1609<\/strong> \u00e0 B\u00e9ziers, Pierre-Paul Riquet grandit dans une famille de notables et commer\u00e7ants d\u2019origine florentine. Il fait ses \u00e9tudes au coll\u00e8ge j\u00e9suite de B\u00e9ziers puis entreprend une formation d\u2019ing\u00e9nieur. Son p\u00e8re, Guillaume Riquet, procureur \u00e0 B\u00e9ziers si\u00e8ge \u00e0 l\u2019assembl\u00e9e des Etats du Languedoc. Il pousse son fils \u00e0 entrer dans l\u2019<strong>administration des gabelles<\/strong>, l\u2019imp\u00f4t sur le sel dans les ann\u00e9es 1630-1632. Paul Riquet gravit les \u00e9chelons et devient tour \u00e0 tour gabelou (agent de la gabelle), grenatier, sous-fermier puis fermier, et enfin Directeur de la Ferme du Languedoc en 1678.<\/p>\n<div class=\"gap\" style=\"line-height: 10px; height: 10px;\"><\/div>Riquet est un homme d\u2019affaire. \u00c0 travers sa fonction de <strong>collecteur d\u2019imp\u00f4t<\/strong>, il devient banquier priv\u00e9 et s\u2019enrichit tr\u00e8s vite. Il acquiert le fort de Bonrepos \u00e0 quelques kilom\u00e8tres de Toulouse et devient le <strong>baron ou Seigneur de Bonrepos<\/strong>. Il s\u2019investit dans nombreux projets mais n\u2019est v\u00e9ritablement connu que pour son \u0153uvre la plus grandiose\u00a0: <strong>le Canal du Midi<\/strong>.<\/p>\n<div class=\"gap\" style=\"line-height: 10px; height: 10px;\"><\/div>En 1637, Pierre-Paul Riquet se marie avec Catherine de Milhaud, avec qui il a cinq enfants\u00a0: Jean-Mathias, Pierre-Paul, Catherine, Marthe et Anne Riquet.[\/vc_column_text][vc_empty_space height=&#8221;10px&#8221;][vc_empty_space height=&#8221;10px&#8221;][vc_column_text]<\/p>\n<h3><strong>Le projet d\u2019une vie\u00a0<\/strong><\/h3>\n<p>[\/vc_column_text][vc_empty_space height=&#8221;10px&#8221;][vc_empty_space height=&#8221;10px&#8221;][vc_column_text]Dans son travail de collecteur, son principal souci est l\u2019<strong>acheminement de mat\u00e9riaux entre Toulouse et la M\u00e9diterran\u00e9e<\/strong>. Les routes sont en mauvais \u00e9tat rendant la <strong>cr\u00e9ation d\u2019une voie fluviale<\/strong>\u00a0prometteuse pour le pays et ses affaires personnelles. Il y voit notamment un moyen de <strong>vendre et transporter plus facilement le sel<\/strong>.<\/p>\n<div class=\"gap\" style=\"line-height: 10px; height: 10px;\"><\/div>Paul Riquet \u00e9labore son projet et d\u00e9cide de le pr\u00e9senter au<strong> Roi Louis 14<\/strong> et \u00e0 son premier ministre. Il met alors en avant l&#8217;int\u00e9r\u00eat \u00e9conomique et strat\u00e9gique du canal afin de les convaincre. Pour cela il use de ses relations avec l\u2019archev\u00eaque de Toulouse, Monseigneur d\u2019Anglure de Bourlemont, pr\u00e9sident de l\u2019\u00e9tat du Languedoc et proche de <strong>Colbert<\/strong>. Il l\u2019invite alors dans son ch\u00e2teau \u00e0 Bonrepos et lui pr\u00e9sente une maquette de son projet. Convaincu, l\u2018archev\u00eaque incite Colbert \u00e0 rencontrer Riquet. Conquis lui aussi, il approuve avec le Roi le projet du Canal du Midi. L\u2019\u00e9tat financera les \u00e9tudes de faisabilit\u00e9 qui dureront pr\u00e8s de deux ans.<\/p>\n<div class=\"gap\" style=\"line-height: 10px; height: 10px;\"><\/div>Les travaux d\u00e9butent en <strong>1667<\/strong> alors que Pierre-Paul Riquet a 57 ans. Le budget de r\u00e9alisation du canal est estim\u00e9 entre 17 et 18 millions de livres de l\u2019\u00e9poque, ce qui fait de cet ouvrage le deuxi\u00e8me chantier du royaume apr\u00e8s celui du ch\u00e2teau de Versailles. Pierre-Paul Riquet y investit sa fortune personnelle, pr\u00e8s de deux millions de livres, et s\u2019endette afin de financer la construction. Il y voit n\u00e9anmoins une source d\u2019enrichissement esp\u00e9rant percevoir les droits de p\u00e9age du canal.<\/p>\n<div class=\"gap\" style=\"line-height: 10px; height: 10px;\"><\/div>L\u2019audace de Riquet ne fut pas seulement technique. Sa gestion des milliers d\u2019ouvriers impliqu\u00e9s dans la construction du canal t\u00e9moigne d\u2019un <strong>avant-gardisme social<\/strong>. En effet, pour retenir et faire travailler plus vite ses <strong>12000 employ\u00e9s<\/strong>, Pierre-Paul Riquet met en place, pour la premi\u00e8re fois en France, une <strong>r\u00e9mun\u00e9ration mensuelle<\/strong> ainsi qu\u2019une sorte de <strong>s\u00e9curit\u00e9 sociale<\/strong>. Ainsi, les jours de pluie ou de maladie, les employ\u00e9s \u00e9taient tout de m\u00eame pay\u00e9s.<\/p>\n<div class=\"gap\" style=\"line-height: 10px; height: 10px;\"><\/div>Pierre-Paul Riquet <strong>d\u00e9c\u00e8de en octobre 1680<\/strong>, seulement huit mois avant l\u2019ach\u00e8vement du Canal et ce sont ces fils qui prennent la rel\u00e8ve et m\u00e8nent le projet jusqu\u2019\u00e0 son terme, gravant d\u00e9finitivement le nom de <strong>Riquet<\/strong> dans l\u2019histoire de France.[\/vc_column_text][vc_empty_space height=&#8221;15px&#8221;][vc_column_text]<\/p>\n<h3>Paul Riquet \u00e0 Paraza<\/h3>\n<p>[\/vc_column_text][vc_empty_space height=&#8221;10px&#8221;][vc_column_text]Le <strong>ch\u00e2teau de Paraza<\/strong> porte encore aujourd\u2019hui la trace du passage de la famille Riquet en son sol. En 1620 le ch\u00e2teau re\u00e7oit le p\u00e8re de Pierre-Paul et durant la construction du canal du Midi, c\u2019est <strong>Pierre-Paul lui-m\u00eame qui s\u00e9journera au ch\u00e2teau<\/strong> afin de superviser au mieux les travaux.\u00a0 Il restera plusieurs ann\u00e9es et en remerciement de l\u2019hospitalit\u00e9 qu\u2019il a re\u00e7u, il favorise un mariage entre sa fille et le fils de la propri\u00e9taire du Ch\u00e2teau, le Seigneur de Jougla. Il fait \u00e9galement construire une <strong>enfilade de sept terrasses descendant jusqu\u2019au canal du Midi<\/strong> o\u00f9 y furent am\u00e9nag\u00e9s de magnifiques jardins suspendus.<\/p>\n<div class=\"gap\" style=\"line-height: 10px; height: 10px;\"><\/div>Aujourd\u2019hui, gr\u00e2ce au \u00a0souffle apport\u00e9 par la <strong>Famille Danglas<\/strong>, le ch\u00e2teau offre \u00e0 ses visiteurs non seulement la possibilit\u00e9 de marcher dans les pas de l\u2019ing\u00e9nieur mais \u00e9galement de dormir dans ses draps\u00a0!\u00a0 <strong>La suite de Riquet et quatre autres chambres d\u2019h\u00f4tes<\/strong> sont \u00e9galement disponibles et \u00e0 d\u00e9couvrir par <a href=\"https:\/\/www.chateau-de-paraza.com\/chambres-dhotes\/les-suites-du-chateau\/\" target=\"_blank\" rel=\"noopener noreferrer\">ici.<\/a>[\/vc_column_text][vc_empty_space height=&#8221;25px&#8221;]<div class=\"hr-thin style-line\" style=\"width: 100%;\"><\/div>[\/vc_column][\/vc_row][vc_row][vc_column width=&#8221;1\/2&#8243;][vc_btn title=&#8221;D\u00e9couvrir le canal du midi lors de votre passage \u00e0 Paraza&#8221; size=&#8221;xs&#8221; align=&#8221;center&#8221; button_block=&#8221;true&#8221; link=&#8221;url:https%3A%2F%2Fwww.chateau-de-paraza.com%2Factualites%2Fdecouvrir-le-canal-du-midi-lors-de-votre-sejour-au-chateau-de-paraza%2F|title:D%C3%A9couvrir%20le%20Canal%20du%20Midi%20lors%20de%20votre%20s%C3%A9jour%20au%20Ch%C3%A2teau%20de%20Paraza||&#8221;][\/vc_column][vc_column width=&#8221;1\/2&#8243;][vc_btn title=&#8221;D\u00e9couvrir nos exp\u00e9riences&#8221; size=&#8221;xs&#8221; align=&#8221;center&#8221; button_block=&#8221;true&#8221; link=&#8221;url:https%3A%2F%2Fwww.chateau-de-paraza.com%2Fexperiences-degustation-visite-oenotourisme%2F|title:Le%20Canal%20du%20Midi||&#8221;][\/vc_column][\/vc_row]<\/p>\n<\/div>","protected":false},"excerpt":{"rendered":"<p>[vc_row][vc_column][vc_column_text] Pierre-Paul Riquet &hellip;<\/p>\n","protected":false},"author":2,"featured_media":0,"parent":0,"menu_order":0,"comment_status":"closed","ping_status":"closed","template":"","meta":[],"yoast_head":"<!-- This site is optimized with the Yoast SEO plugin v21.8.1 - https:\/\/yoast.com\/wordpress\/plugins\/seo\/ -->\n<title>D\u00e9couvrez Pierre-Paul Riquet - Ch\u00e2teau de Paraza<\/title>\n<meta name=\"description\" content=\"Pierre-Paul Riquet Pierre-Paul Riquet, baron de Bonrepos, est un fermier g\u00e9n\u00e9ral des Gabelles et entrepreneur fran\u00e7ais. Homme d\u2019affaire et de loi, il est\" \/>\n<meta name=\"robots\" content=\"index, follow, max-snippet:-1, max-image-preview:large, max-video-preview:-1\" \/>\n<link rel=\"canonical\" href=\"https:\/\/www.chateau-de-paraza.com\/pierre-paul-riquet\/\" \/>\n<meta property=\"og:locale\" content=\"zh_CN\" \/>\n<meta property=\"og:type\" content=\"article\" \/>\n<meta property=\"og:title\" content=\"D\u00e9couvrez Pierre-Paul Riquet - Ch\u00e2teau de Paraza\" \/>\n<meta property=\"og:description\" content=\"Pierre-Paul Riquet Pierre-Paul Riquet, baron de Bonrepos, est un fermier g\u00e9n\u00e9ral des Gabelles et entrepreneur fran\u00e7ais. Homme d\u2019affaire et de loi, il est\" \/>\n<meta property=\"og:url\" content=\"https:\/\/www.chateau-de-paraza.com\/pierre-paul-riquet\/\" \/>\n<meta property=\"og:site_name\" content=\"Ch\u00e2teau de Paraza\" \/>\n<meta property=\"article:publisher\" content=\"https:\/\/www.facebook.com\/chateaudeparaza\" \/>\n<meta property=\"article:modified_time\" content=\"2023-06-20T17:16:37+00:00\" \/>\n<meta name=\"twitter:card\" content=\"summary_large_image\" \/>\n<meta name=\"twitter:site\" content=\"@ChateauDeParaza\" \/>\n<meta name=\"twitter:label1\" content=\"\u9884\u8ba1\u9605\u8bfb\u65f6\u95f4\" \/>\n\t<meta name=\"twitter:data1\" content=\"5\u5206\" \/>\n<script type=\"application\/ld+json\" class=\"yoast-schema-graph\">{\"@context\":\"https:\/\/schema.org\",\"@graph\":[{\"@type\":\"WebPage\",\"@id\":\"https:\/\/www.chateau-de-paraza.com\/pierre-paul-riquet\/\",\"url\":\"https:\/\/www.chateau-de-paraza.com\/pierre-paul-riquet\/\",\"name\":\"D\u00e9couvrez Pierre-Paul Riquet - Ch\u00e2teau de Paraza\",\"isPartOf\":{\"@id\":\"https:\/\/www.chateau-de-paraza.com\/#website\"},\"datePublished\":\"2021-04-26T08:02:02+00:00\",\"dateModified\":\"2023-06-20T17:16:37+00:00\",\"description\":\"Pierre-Paul Riquet Pierre-Paul Riquet, baron de Bonrepos, est un fermier g\u00e9n\u00e9ral des Gabelles et entrepreneur fran\u00e7ais. Homme d\u2019affaire et de loi, il est\",\"breadcrumb\":{\"@id\":\"https:\/\/www.chateau-de-paraza.com\/pierre-paul-riquet\/#breadcrumb\"},\"inLanguage\":\"zh-CN\",\"potentialAction\":[{\"@type\":\"ReadAction\",\"target\":[\"https:\/\/www.chateau-de-paraza.com\/pierre-paul-riquet\/\"]}]},{\"@type\":\"BreadcrumbList\",\"@id\":\"https:\/\/www.chateau-de-paraza.com\/pierre-paul-riquet\/#breadcrumb\",\"itemListElement\":[{\"@type\":\"ListItem\",\"position\":1,\"name\":\"Accueil\",\"item\":\"https:\/\/www.chateau-de-paraza.com\/zh-hans\/\"},{\"@type\":\"ListItem\",\"position\":2,\"name\":\"Pierre-Paul Riquet\"}]},{\"@type\":\"WebSite\",\"@id\":\"https:\/\/www.chateau-de-paraza.com\/#website\",\"url\":\"https:\/\/www.chateau-de-paraza.com\/\",\"name\":\"Ch\u00e2teau de Paraza\",\"description\":\"Site web du Ch\u00e2teau de Paraza\",\"potentialAction\":[{\"@type\":\"SearchAction\",\"target\":{\"@type\":\"EntryPoint\",\"urlTemplate\":\"https:\/\/www.chateau-de-paraza.com\/?s={search_term_string}\"},\"query-input\":\"required name=search_term_string\"}],\"inLanguage\":\"zh-CN\"}]}<\/script>\n<!-- \/ Yoast SEO plugin. -->","yoast_head_json":{"title":"D\u00e9couvrez Pierre-Paul Riquet - Ch\u00e2teau de Paraza","description":"Pierre-Paul Riquet Pierre-Paul Riquet, baron de Bonrepos, est un fermier g\u00e9n\u00e9ral des Gabelles et entrepreneur fran\u00e7ais. Homme d\u2019affaire et de loi, il est","robots":{"index":"index","follow":"follow","max-snippet":"max-snippet:-1","max-image-preview":"max-image-preview:large","max-video-preview":"max-video-preview:-1"},"canonical":"https:\/\/www.chateau-de-paraza.com\/pierre-paul-riquet\/","og_locale":"zh_CN","og_type":"article","og_title":"D\u00e9couvrez Pierre-Paul Riquet - Ch\u00e2teau de Paraza","og_description":"Pierre-Paul Riquet Pierre-Paul Riquet, baron de Bonrepos, est un fermier g\u00e9n\u00e9ral des Gabelles et entrepreneur fran\u00e7ais. Homme d\u2019affaire et de loi, il est","og_url":"https:\/\/www.chateau-de-paraza.com\/pierre-paul-riquet\/","og_site_name":"Ch\u00e2teau de Paraza","article_publisher":"https:\/\/www.facebook.com\/chateaudeparaza","article_modified_time":"2023-06-20T17:16:37+00:00","twitter_card":"summary_large_image","twitter_site":"@ChateauDeParaza","twitter_misc":{"\u9884\u8ba1\u9605\u8bfb\u65f6\u95f4":"5\u5206"},"schema":{"@context":"https:\/\/schema.org","@graph":[{"@type":"WebPage","@id":"https:\/\/www.chateau-de-paraza.com\/pierre-paul-riquet\/","url":"https:\/\/www.chateau-de-paraza.com\/pierre-paul-riquet\/","name":"D\u00e9couvrez Pierre-Paul Riquet - Ch\u00e2teau de Paraza","isPartOf":{"@id":"https:\/\/www.chateau-de-paraza.com\/#website"},"datePublished":"2021-04-26T08:02:02+00:00","dateModified":"2023-06-20T17:16:37+00:00","description":"Pierre-Paul Riquet Pierre-Paul Riquet, baron de Bonrepos, est un fermier g\u00e9n\u00e9ral des Gabelles et entrepreneur fran\u00e7ais. Homme d\u2019affaire et de loi, il est","breadcrumb":{"@id":"https:\/\/www.chateau-de-paraza.com\/pierre-paul-riquet\/#breadcrumb"},"inLanguage":"zh-CN","potentialAction":[{"@type":"ReadAction","target":["https:\/\/www.chateau-de-paraza.com\/pierre-paul-riquet\/"]}]},{"@type":"BreadcrumbList","@id":"https:\/\/www.chateau-de-paraza.com\/pierre-paul-riquet\/#breadcrumb","itemListElement":[{"@type":"ListItem","position":1,"name":"Accueil","item":"https:\/\/www.chateau-de-paraza.com\/zh-hans\/"},{"@type":"ListItem","position":2,"name":"Pierre-Paul Riquet"}]},{"@type":"WebSite","@id":"https:\/\/www.chateau-de-paraza.com\/#website","url":"https:\/\/www.chateau-de-paraza.com\/","name":"Ch\u00e2teau de Paraza","description":"Site web du Ch\u00e2teau de Paraza","potentialAction":[{"@type":"SearchAction","target":{"@type":"EntryPoint","urlTemplate":"https:\/\/www.chateau-de-paraza.com\/?s={search_term_string}"},"query-input":"required name=search_term_string"}],"inLanguage":"zh-CN"}]}},"_links":{"self":[{"href":"https:\/\/www.chateau-de-paraza.com\/zh-hans\/wp-json\/wp\/v2\/pages\/5730"}],"collection":[{"href":"https:\/\/www.chateau-de-paraza.com\/zh-hans\/wp-json\/wp\/v2\/pages"}],"about":[{"href":"https:\/\/www.chateau-de-paraza.com\/zh-hans\/wp-json\/wp\/v2\/types\/page"}],"author":[{"embeddable":true,"href":"https:\/\/www.chateau-de-paraza.com\/zh-hans\/wp-json\/wp\/v2\/users\/2"}],"replies":[{"embeddable":true,"href":"https:\/\/www.chateau-de-paraza.com\/zh-hans\/wp-json\/wp\/v2\/comments?post=5730"}],"version-history":[{"count":8,"href":"https:\/\/www.chateau-de-paraza.com\/zh-hans\/wp-json\/wp\/v2\/pages\/5730\/revisions"}],"predecessor-version":[{"id":9152,"href":"https:\/\/www.chateau-de-paraza.com\/zh-hans\/wp-json\/wp\/v2\/pages\/5730\/revisions\/9152"}],"wp:attachment":[{"href":"https:\/\/www.chateau-de-paraza.com\/zh-hans\/wp-json\/wp\/v2\/media?parent=5730"}],"curies":[{"name":"wp","href":"https:\/\/api.w.org\/{rel}","templated":true}]}}